{"version":"1.0","provider_name":"International Lawyers","provider_url":"https:\/\/www.fabregat-perulles-sales.com\/actualidad","author_name":"Victor","author_url":"https:\/\/www.fabregat-perulles-sales.com\/actualidad\/author\/victor\/","title":"Incompatibilidad beneficio exenci\u00f3n con la progresividad aplicaci\u00f3n escala general","type":"rich","width":600,"height":338,"html":"<blockquote class=\"wp-embedded-content\" data-secret=\"nVIrBwgnmH\"><a href=\"https:\/\/www.fabregat-perulles-sales.com\/actualidad\/renta-2015-y-custodia-compartida\/\">RENTA 2015 Y CUSTODIA COMPARTIDA<\/a><\/blockquote><iframe sandbox=\"allow-scripts\" security=\"restricted\" src=\"https:\/\/www.fabregat-perulles-sales.com\/actualidad\/renta-2015-y-custodia-compartida\/embed\/#?secret=nVIrBwgnmH\" width=\"600\" height=\"338\" title=\"&#8220;RENTA 2015 Y CUSTODIA COMPARTIDA&#8221; &#8212; International Lawyers\" data-secret=\"nVIrBwgnmH\" frameborder=\"0\" marginwidth=\"0\" marginheight=\"0\" scrolling=\"no\" class=\"wp-embedded-content\"><\/iframe><script type=\"text\/javascript\">\n\/*! This file is auto-generated *\/\n!function(c,d){\"use strict\";var e=!1,o=!1;if(d.querySelector)if(c.addEventListener)e=!0;if(c.wp=c.wp||{},c.wp.receiveEmbedMessage);else if(c.wp.receiveEmbedMessage=function(e){var t=e.data;if(!t);else if(!(t.secret||t.message||t.value));else if(\/[^a-zA-Z0-9]\/.test(t.secret));else{for(var r,s,a,i=d.querySelectorAll('iframe[data-secret=\"'+t.secret+'\"]'),n=d.querySelectorAll('blockquote[data-secret=\"'+t.secret+'\"]'),o=new RegExp(\"^https?:$\",\"i\"),l=0;l<n.length;l++)n[l].style.display=\"none\";for(l=0;l<i.length;l++)if(r=i[l],e.source!==r.contentWindow);else{if(r.removeAttribute(\"style\"),\"height\"===t.message){if(1e3<(s=parseInt(t.value,10)))s=1e3;else if(~~s<200)s=200;r.height=s}if(\"link\"===t.message)if(s=d.createElement(\"a\"),a=d.createElement(\"a\"),s.href=r.getAttribute(\"src\"),a.href=t.value,!o.test(a.protocol));else if(a.host===s.host)if(d.activeElement===r)c.top.location.href=t.value}}},e)c.addEventListener(\"message\",c.wp.receiveEmbedMessage,!1),d.addEventListener(\"DOMContentLoaded\",t,!1),c.addEventListener(\"load\",t,!1);function t(){if(o);else{o=!0;for(var e,t,r,s=-1!==navigator.appVersion.indexOf(\"MSIE 10\"),a=!!navigator.userAgent.match(\/Trident.*rv:11\\.\/),i=d.querySelectorAll(\"iframe.wp-embedded-content\"),n=0;n<i.length;n++){if(!(r=(t=i[n]).getAttribute(\"data-secret\")))r=Math.random().toString(36).substr(2,10),t.src+=\"#?secret=\"+r,t.setAttribute(\"data-secret\",r);if(s||a)(e=t.cloneNode(!0)).removeAttribute(\"security\"),t.parentNode.replaceChild(e,t);t.contentWindow.postMessage({message:\"ready\",secret:r},\"*\")}}}}(window,document);\n<\/script>\n","description":"Ya no es compatible el beneficio de la exenci\u00f3n del m\u00ednimo por descendientes del art\u00edculo 58 de la LIRPF (en forma prorrateada entre los progenitores) con el mecanismo corrector de la progresividad en la aplicaci\u00f3n de la escala general del impuesto sobre la base liquidable en cuanto al importe de las anualidades por alimentos del art\u00edculo 64 de la LIRPF","thumbnail_url":"http:\/\/www.fabregat-perulles-sales.com\/actualidad\/wp-content\/uploads\/2016\/04\/renta-2015-300x261.png"}